{"id":10044,"date":"2022-08-24T11:32:43","date_gmt":"2022-08-24T15:32:43","guid":{"rendered":"http:\/\/www.ssccalameda.cl\/portal\/?post_type=eap_event&#038;p=10044"},"modified":"2022-08-24T11:32:44","modified_gmt":"2022-08-24T15:32:44","slug":"equipo-de-gimnasia-competira-en-la-xix-copa-la-serena","status":"publish","type":"eap_event","link":"https:\/\/www.ssccalameda.cl\/portal\/events\/equipo-de-gimnasia-competira-en-la-xix-copa-la-serena\/","title":{"rendered":"Equipo de Gimnasia competir\u00e1 en la XIX Copa La Serena"},"content":{"rendered":"\n<p>Con 28 estudiantes entre 4to B\u00e1sico y IV Medio viaj\u00f3 esta ma\u00f1ana la selecci\u00f3n de gimnasia del colegio para competir en la versi\u00f3n XIX de la Copa La Serena que se realizar\u00e1 en esta ciudad desde el jueves 25 hasta el domingo 28 de agosto.<\/p>\n\n\n\n<p>Nuestro equipo llegar\u00e1 a la regi\u00f3n de Coquimbo acompa\u00f1ado de sus profesores Denisse Basaure, Diego Galdames y Loreto Aguilar y competir\u00e1 en las categor\u00edas 1, 2, 3 y Formativo Juvenil.<\/p>\n\n\n\n<p>Les deseamos la mejor de las suertes a nuestros gimnastas y estamos seguros que nos representar\u00e1n de muy buena forma.<\/p>\n\n\n\n<figure class=\"wp-block-image size-medium\"><img loading=\"lazy\" decoding=\"async\" width=\"300\" height=\"225\" src=\"http:\/\/www.ssccalameda.cl\/portal\/wp-content\/uploads\/2022\/08\/WhatsApp-Image-2022-08-24-at-11.12.15-AM-300x225.jpeg\" alt=\"\" class=\"wp-image-10045\" srcset=\"https:\/\/www.ssccalameda.cl\/portal\/wp-content\/uploads\/2022\/08\/WhatsApp-Image-2022-08-24-at-11.12.15-AM-300x225.jpeg 300w, https:\/\/www.ssccalameda.cl\/portal\/wp-content\/uploads\/2022\/08\/WhatsApp-Image-2022-08-24-at-11.12.15-AM-768x576.jpeg 768w, https:\/\/www.ssccalameda.cl\/portal\/wp-content\/uploads\/2022\/08\/WhatsApp-Image-2022-08-24-at-11.12.15-AM.jpeg 1024w\" sizes=\"(max-width: 300px) 100vw, 300px\" \/><\/figure>\n","protected":false},"excerpt":{"rendered":"<p>Con 28 estudiantes entre 4to B\u00e1sico y IV Medio viaj\u00f3 esta ma\u00f1ana la selecci\u00f3n de gimnasia del colegio para competir en la versi\u00f3n XIX de la Copa La Serena que se realizar\u00e1 en esta ciudad desde el jueves 25 hasta el domingo 28 de agosto. Nuestro equipo llegar\u00e1 a la regi\u00f3n de Coquimbo acompa\u00f1ado de &hellip;<\/p>\n","protected":false},"author":4,"featured_media":10045,"comment_status":"closed","ping_status":"closed","template":"","categories":[40],"_links":{"self":[{"href":"https:\/\/www.ssccalameda.cl\/portal\/wp-json\/wp\/v2\/eap_event\/10044"}],"collection":[{"href":"https:\/\/www.ssccalameda.cl\/portal\/wp-json\/wp\/v2\/eap_event"}],"about":[{"href":"https:\/\/www.ssccalameda.cl\/portal\/wp-json\/wp\/v2\/types\/eap_event"}],"author":[{"embeddable":true,"href":"https:\/\/www.ssccalameda.cl\/portal\/wp-json\/wp\/v2\/users\/4"}],"replies":[{"embeddable":true,"href":"https:\/\/www.ssccalameda.cl\/portal\/wp-json\/wp\/v2\/comments?post=10044"}],"version-history":[{"count":1,"href":"https:\/\/www.ssccalameda.cl\/portal\/wp-json\/wp\/v2\/eap_event\/10044\/revisions"}],"predecessor-version":[{"id":10046,"href":"https:\/\/www.ssccalameda.cl\/portal\/wp-json\/wp\/v2\/eap_event\/10044\/revisions\/10046"}],"wp:featuredmedia":[{"embeddable":true,"href":"https:\/\/www.ssccalameda.cl\/portal\/wp-json\/wp\/v2\/media\/10045"}],"wp:attachment":[{"href":"https:\/\/www.ssccalameda.cl\/portal\/wp-json\/wp\/v2\/media?parent=10044"}],"wp:term":[{"taxonomy":"category","embeddable":true,"href":"https:\/\/www.ssccalameda.cl\/portal\/wp-json\/wp\/v2\/categories?post=10044"}],"curies":[{"name":"wp","href":"https:\/\/api.w.org\/{rel}","templated":true}]}}